{"id":916,"date":"2020-12-01T20:39:27","date_gmt":"2020-12-01T19:39:27","guid":{"rendered":"https:\/\/oliviermarquet-hypnotherapeute.fr\/?page_id=916"},"modified":"2021-05-13T15:42:17","modified_gmt":"2021-05-13T13:42:17","slug":"pourquoi-consulter","status":"publish","type":"page","link":"https:\/\/oliviermarquet-hypnotherapeute.fr\/?page_id=916","title":{"rendered":"Pourquoi consulter ?"},"content":{"rendered":"<div id=\"pl-916\"  class=\"panel-layout\" ><div id=\"pg-916-0\"  class=\"panel-grid panel-no-style\" ><div id=\"pgc-916-0-0\"  class=\"panel-grid-cell\" ><div id=\"panel-916-0-0-0\" class=\"so-panel widget widget_sow-editor panel-first-child panel-last-child\" data-index=\"0\" ><div class=\"so-widget-sow-editor so-widget-sow-editor-base\">\n<div class=\"siteorigin-widget-tinymce textwidget\">\n\t<p>Qu\u2019est-ce qui vous am\u00e8ne \u00e0 vous tourner vers moi et \u00e0 me consulter ? Voici une des premi\u00e8res questions que je serai amen\u00e9 \u00e0 vous poser. Nous partirons donc de vous et d\u2019une \u00e9coute attentive de votre conscient avant de donner la parole \u00e0 votre inconscient lors de nos s\u00e9ances, et ceci \u00e0 un rythme qui lui convient et qui vous convient, dans un cadre s\u00e9curis\u00e9 et rassurant.<\/p>\n<p>La liste ci-dessous est non exhaustive et incompl\u00e8te au m\u00eame titre que chacun d\u2019entre nous reste incomplet tant que nous ne donnons pas la possibilit\u00e9 \u00e0 notre inconscient de s\u2019exprimer et de grandir. C\u2019est ce que je vous propose de faire, ensemble.<\/p>\n<p>La pratique de l\u2019hypnoth\u00e9rapie par la m\u00e9thode HUNKAAR permet donc de lib\u00e9rer et de r\u00e9parer les \u00e9l\u00e9ments, \u00e9motions et v\u00e9cus g\u00e9n\u00e9rateurs de troubles et maux, tels que:<\/p>\n<div dir=\"auto\">\u2022 Les angoisses<\/div>\n<div dir=\"auto\">\u2022Le stress et les \u00e9tats anxieux<\/div>\n<div dir=\"auto\">\u2022Les d\u00e9pendances et addictions (tabac, relationnel, etc.)<\/div>\n<div dir=\"auto\">\u2022L\u2019exc\u00e8s de poids<\/div>\n<div dir=\"auto\">\u2022Le deuil<\/div>\n<div dir=\"auto\">\u2022Les \u00e9tats d\u00e9pressifs<\/div>\n<div dir=\"auto\">\u2022Les phobies<\/div>\n<div dir=\"auto\">\u2022L\u2019insomnie<\/div>\n<div dir=\"auto\">\u2022Les troubles du comportement<\/div>\n<div dir=\"auto\">\u2022Les troubles psychosomatiques<\/div>\n<div dir=\"auto\">\u2022Les probl\u00e8mes de concentration<\/div>\n<div dir=\"auto\">\u2022Les traumatismes<\/div>\n<div dir=\"auto\">\u2022Le manque de confiance en soi<\/div>\n<div dir=\"auto\">\u2022Les d\u00e9pendances et addictions diverses<\/div>\n<div dir=\"auto\">\u2022Les douleurs chroniques<\/div>\n<div dir=\"auto\">\u2022Les acouph\u00e8nes<\/div>\n<div dir=\"auto\">\u2022Les probl\u00e8mes \u00e9pidermiques (ecz\u00e9ma, psoriasis)<\/div>\n<div dir=\"auto\"><\/div>\n<div dir=\"auto\"><\/div>\n<div dir=\"auto\">\n<div class=\"adn ads\" data-message-id=\"#msg-a:r3751122230908182367\" data-legacy-message-id=\"17965f412b8a6316\">\n<div class=\"gs\">\n<div class=\"\">\n<div id=\":oz\" class=\"ii gt\">\n<div id=\":oy\" class=\"a3s aiL \">\n<div dir=\"auto\">\n<div dir=\"auto\">Il ne s\u2019agit en aucun cas d\u2019interrompre tout traitement m\u00e9dical en cours. Il se peut cependant que je sois dans la n\u00e9cessit\u00e9, avec votre accord, de demander l\u2019avis du m\u00e9decin ou sp\u00e9cialiste qui vous suit et de tenir compte de toute contre-indication, notamment si vous \u00eates suivi par un psychiatre.<\/div>\n<\/div>\n<div class=\"yj6qo\"><\/div>\n<div class=\"adL\"><\/div>\n<\/div>\n<\/div>\n<div class=\"hi\"><\/div>\n<\/div>\n<\/div>\n<div class=\"ajx\"><\/div>\n<\/div>\n<div class=\"gA gt acV\">\n<div class=\"gB xu\">\n<div class=\"ip iq\">\n<div id=\":p0\"><\/div>\n<\/div>\n<\/div>\n<\/div>\n<\/div>\n<p>&nbsp;<\/p>\n<\/div>\n<\/div><\/div><\/div><\/div><div id=\"pg-916-1\"  class=\"panel-grid panel-no-style\" ><div id=\"pgc-916-1-0\"  class=\"panel-grid-cell\" ><div id=\"panel-916-1-0-0\" class=\"so-panel widget widget_sow-button panel-first-child panel-last-child\" data-index=\"1\" ><div class=\"so-widget-sow-button so-widget-sow-button-atom-7f33002dad05\"><div class=\"ow-button-base ow-button-align-right\">\n\t<a href=\"https:\/\/oliviermarquet-hypnotherapeute.fr\/?page_id=238\" class=\"ow-icon-placement-left ow-button-hover\" \t\t>\n\t\t<span>\n\t\t\t\n\t\t\tPrendre Rendez-vous\t\t<\/span>\n\t<\/a>\n<\/div>\n<\/div><\/div><\/div><\/div><\/div>","protected":false},"excerpt":{"rendered":"<p>Qu\u2019est-ce qui vous am\u00e8ne \u00e0 vous tourner vers moi et \u00e0 me consulter ? Voici une des premi\u00e8res questions que je serai amen\u00e9 \u00e0 vous poser. Nous partirons donc de vous et d\u2019une \u00e9coute attentive[&#8230;]<\/p>\n","protected":false},"author":1,"featured_media":0,"parent":0,"menu_order":0,"comment_status":"closed","ping_status":"closed","template":"","meta":{"footnotes":""},"class_list":["post-916","page","type-page","status-publish","hentry"],"wppr_data":{"cwp_meta_box_check":"No"},"_links":{"self":[{"href":"https:\/\/oliviermarquet-hypnotherapeute.fr\/index.php?rest_route=\/wp\/v2\/pages\/916","targetHints":{"allow":["GET"]}}],"collection":[{"href":"https:\/\/oliviermarquet-hypnotherapeute.fr\/index.php?rest_route=\/wp\/v2\/pages"}],"about":[{"href":"https:\/\/oliviermarquet-hypnotherapeute.fr\/index.php?rest_route=\/wp\/v2\/types\/page"}],"author":[{"embeddable":true,"href":"https:\/\/oliviermarquet-hypnotherapeute.fr\/index.php?rest_route=\/wp\/v2\/users\/1"}],"replies":[{"embeddable":true,"href":"https:\/\/oliviermarquet-hypnotherapeute.fr\/index.php?rest_route=%2Fwp%2Fv2%2Fcomments&post=916"}],"version-history":[{"count":6,"href":"https:\/\/oliviermarquet-hypnotherapeute.fr\/index.php?rest_route=\/wp\/v2\/pages\/916\/revisions"}],"predecessor-version":[{"id":982,"href":"https:\/\/oliviermarquet-hypnotherapeute.fr\/index.php?rest_route=\/wp\/v2\/pages\/916\/revisions\/982"}],"wp:attachment":[{"href":"https:\/\/oliviermarquet-hypnotherapeute.fr\/index.php?rest_route=%2Fwp%2Fv2%2Fmedia&parent=916"}],"curies":[{"name":"wp","href":"https:\/\/api.w.org\/{rel}","templated":true}]}}